{"id":12328,"date":"2017-12-07T07:49:18","date_gmt":"2017-12-07T07:49:18","guid":{"rendered":"http:\/\/dolphinx.eu\/test\/dpo1\/?page_id=12328"},"modified":"2019-12-17T14:11:10","modified_gmt":"2019-12-17T13:11:10","slug":"alapelvek","status":"publish","type":"page","link":"https:\/\/gdprszakerto.hu\/index.php\/alapelvek\/","title":{"rendered":"Alapelvek"},"content":{"rendered":"<div class=\"wpb-content-wrapper\"><p>[vc_row][vc_column][vc_custom_heading text=&#8221;GDPR Alapelvek&#8221; use_theme_fonts=&#8221;yes&#8221;][vc_separator color=&#8221;custom&#8221; align=&#8221;align_left&#8221; el_width=&#8221;20&#8243; css_animation=&#8221;fadeInLeft&#8221; accent_color=&#8221;#dd0000&#8243;][vc_column_text]<\/p>\n<h4>Az alapelvek \u00e9s t\u00e9vhitek \u00e9rtelmez\u00e9se ir\u00e1nymutat\u00f3 lehet!<\/h4>\n<p>[\/vc_column_text][vc_custom_heading text=&#8221;Szem\u00e9lyes adatok kezel\u00e9s\u00e9nek alapelvei a rendeletben&#8221; use_theme_fonts=&#8221;yes&#8221;][vc_separator color=&#8221;custom&#8221; align=&#8221;align_left&#8221; el_width=&#8221;20&#8243; css_animation=&#8221;fadeInLeft&#8221; accent_color=&#8221;#dd0000&#8243;][\/vc_column][vc_column][vc_column_text]A GDPR alapelvek tiszt\u00e1n \u00e9s vil\u00e1gosan vannak megfogalmazva, de sok esetben az alkalmaz\u00e1sukhoz nagy seg\u00edts\u00e9g lehet adatv\u00e9delmi tan\u00e1csad\u00e1s ig\u00e9nybev\u00e9tele.[\/vc_column_text][vc_column_text]<\/p>\n<ul>\n<li>Jogszer\u0171s\u00e9g, tisztess\u00e9ges elj\u00e1r\u00e1s \u00e9s \u00e1tl\u00e1that\u00f3s\u00e1g: a szem\u00e9lyes adatok kezel\u00e9s\u00e9t jogszer\u0171en \u00e9s tisztess\u00e9gesen, valamint az \u00e9rintett sz\u00e1m\u00e1ra \u00e1tl\u00e1that\u00f3 m\u00f3don kell v\u00e9gezni.<\/li>\n<li>C\u00e9lhoz k\u00f6t\u00f6tts\u00e9g: szem\u00e9lyes adatok gy\u0171jt\u00e9se csak meghat\u00e1rozott, egy\u00e9rtelm\u0171 \u00e9s jogszer\u0171 c\u00e9lb\u00f3l t\u00f6rt\u00e9njen, \u00e9s azokat ne kezelj\u00e9k ezekkel a c\u00e9lokkal \u00f6ssze nem egyeztethet\u0151 m\u00f3don.\u00a0 A 89. cikk (1) bekezd\u00e9s\u00e9nek megfelel\u0151en nem min\u0151s\u00fcl az eredeti c\u00e9llal \u00f6ssze nem egyeztethet\u0151nek a k\u00f6z\u00e9rdek\u0171 archiv\u00e1l\u00e1s c\u00e9lj\u00e1b\u00f3l, tudom\u00e1nyos \u00e9s t\u00f6rt\u00e9nelmi kutat\u00e1si c\u00e9lb\u00f3l vagy statisztikai c\u00e9lb\u00f3l t\u00f6rt\u00e9n\u0151 tov\u00e1bbi adatkezel\u00e9s.<\/li>\n<li>Adattakar\u00e9koss\u00e1g: a szem\u00e9lyes adatoknak az adatkezel\u00e9s c\u00e9ljai szempontj\u00e1b\u00f3l megfelel\u0151ek \u00e9s relev\u00e1nsak kell, hogy legyenek, \u00e9s a sz\u00fcks\u00e9gesre kell korl\u00e1toz\u00f3dniuk.<\/li>\n<li>Pontoss\u00e1g: a szem\u00e9lyes adatoknak pontosnak \u00e9s sz\u00fcks\u00e9g eset\u00e9n naprak\u00e9sznek kell lenni\u00fck; minden \u00e9sszer\u0171 int\u00e9zked\u00e9st meg kell tenni annak \u00e9rdek\u00e9ben, hogy az adatkezel\u00e9s c\u00e9ljai szempontj\u00e1b\u00f3l pontatlan szem\u00e9lyes adatokat halad\u00e9ktalanul t\u00f6r\u00f6lj\u00e9k vagy helyesb\u00edts\u00e9k.<\/li>\n<li>Korl\u00e1tozott t\u00e1rolhat\u00f3s\u00e1g: a szem\u00e9lyes adatok t\u00e1rol\u00e1s\u00e1nak olyan form\u00e1ban kell t\u00f6rt\u00e9nnie, amely az \u00e9rintettek azonos\u00edt\u00e1s\u00e1t csak a szem\u00e9lyes adatok kezel\u00e9se c\u00e9ljainak el\u00e9r\u00e9s\u00e9hez sz\u00fcks\u00e9ges ideig teszi lehet\u0151v\u00e9. A szem\u00e9lyes adatok enn\u00e9l hosszabb ideig t\u00f6rt\u00e9n\u0151 t\u00e1rol\u00e1s\u00e1ra csak akkor ker\u00fclhet sor, amennyiben a szem\u00e9lyes adatok kezel\u00e9s\u00e9re a 89. cikk (1) bekezd\u00e9s\u00e9nek megfelel\u0151en k\u00f6z\u00e9rdek\u0171 archiv\u00e1l\u00e1s c\u00e9lj\u00e1b\u00f3l, tudom\u00e1nyos \u00e9s t\u00f6rt\u00e9nelmi kutat\u00e1si c\u00e9lb\u00f3l vagy statisztikai c\u00e9lb\u00f3l ker\u00fcl majd sor, az e rendeletben az \u00e9rintettek jogainak \u00e9s szabads\u00e1gainak v\u00e9delme \u00e9rdek\u00e9ben el\u0151\u00edrt megfelel\u0151 technikai \u00e9s szervez\u00e9si int\u00e9zked\u00e9sek v\u00e9grehajt\u00e1s\u00e1ra is figyelemmel.<\/li>\n<li>Integrit\u00e1s \u00e9s bizalmas jelleg: szem\u00e9lyes adatok kezel\u00e9s\u00e9t oly m\u00f3don kell v\u00e9gezni, hogy megfelel\u0151 technikai vagy szervez\u00e9si int\u00e9zked\u00e9sek alkalmaz\u00e1s\u00e1val biztos\u00edtva legyen a szem\u00e9lyes adatok megfelel\u0151 biztons\u00e1ga. Az adatok jogosulatlan vagy jogellenes kezel\u00e9s\u00e9vel, v\u00e9letlen elveszt\u00e9s\u00e9vel, megsemmis\u00edt\u00e9s\u00e9vel vagy k\u00e1rosod\u00e1s\u00e1val szembeni v\u00e9delmet is ide\u00e9rtve.<\/li>\n<\/ul>\n<p>[\/vc_column_text][\/vc_column][\/vc_row][vc_row][vc_column][vc_custom_heading text=&#8221;Egy\u00e9b fontos alapelvek a szem\u00e9lyes adatok kezel\u00e9se sor\u00e1n&#8221; use_theme_fonts=&#8221;yes&#8221;][vc_separator color=&#8221;custom&#8221; align=&#8221;align_left&#8221; el_width=&#8221;20&#8243; css_animation=&#8221;fadeInLeft&#8221; accent_color=&#8221;#dd0000&#8243;][\/vc_column][\/vc_row][vc_row][vc_column][vc_column_text]<\/p>\n<ul>\n<li>Eredm\u00e9nyess\u00e9g: az inform\u00e1ci\u00f3k relev\u00e1nsak-e az \u00fczleti folyamatok szempontj\u00e1b\u00f3l illetve, hogy a megfelel\u0151 id\u0151ben, pontos, egys\u00e9ges, ellentmond\u00e1smentes \u00e9s felhaszn\u00e1lhat\u00f3 form\u00e1ban \u00e1llnak\u2013e rendelkez\u00e9sre.<\/li>\n<li>Hat\u00e9konys\u00e1g: az inform\u00e1ci\u00f3k az er\u0151forr\u00e1sok optim\u00e1lis (a lehet\u0151 leghat\u00e9konyabb \u00e9s leggazdas\u00e1gosabb) felhaszn\u00e1l\u00e1sa r\u00e9v\u00e9n lettek-e el\u0151\u00e1ll\u00edtva.<\/li>\n<li>Bizalmass\u00e1g: a bizalmas \u00e9s titkos inform\u00e1ci\u00f3k enged\u00e9ly n\u00e9lk\u00fcli k\u00f6zz\u00e9t\u00e9tel\u00e9nek megel\u0151z\u00e9s\u00e9hez kapcsol\u00f3dik.<\/li>\n<li>S\u00e9rtetlens\u00e9g, \u00f6sszhang: az inform\u00e1ci\u00f3k pontoss\u00e1g\u00e1hoz \u00e9s teljess\u00e9g\u00e9hez, valamint az \u00fczleti \u00e9rt\u00e9kekkel \u00e9s elv\u00e1r\u00e1sokkal \u00f6sszef\u00fcgg\u0151 \u00e9rv\u00e9nyess\u00e9g\u00e9hez kapcsol\u00f3dik.<\/li>\n<li>Hozz\u00e1f\u00e9rhet\u0151s\u00e9g, rendelkez\u00e9sre \u00e1ll\u00e1s: az inform\u00e1ci\u00f3k rendelkez\u00e9sre \u00e1llnak-e az \u00fczleti folyamatok \u00e1ltal megk\u00edv\u00e1nt sz\u00fcks\u00e9ges id\u0151ben. A sz\u00fcks\u00e9ges er\u0151forr\u00e1sok \u00e9s az azokhoz kapcsol\u00f3d\u00f3 kapacit\u00e1sok v\u00e9delm\u00e9re is kiterjed.<\/li>\n<li>Szab\u00e1lyszer\u0171s\u00e9g, megfelel\u0151s\u00e9g: az \u00fczleti folyamatokra vonatkoz\u00f3 illetve a kapcsol\u00f3d\u00f3 t\u00f6rv\u00e9nyeknek, jogszab\u00e1lyoknak \u00e9s szerz\u0151d\u00e9ses k\u00f6telezetts\u00e9geknek val\u00f3 megfelel\u00e9shez kapcsol\u00f3dik. Amelyek alanya az adott szervezet \u00e9s tev\u00e9kenys\u00e9ge, az \u00fan. szervezettel szemben k\u00edv\u00fclr\u0151l megszabott \u00fczleti felt\u00e9telek.<\/li>\n<li>Megb\u00edzhat\u00f3s\u00e1g: megfelel\u0151 inform\u00e1ci\u00f3kat kap-e a vezet\u00e9s a szervezet m\u0171k\u00f6dtet\u00e9s\u00e9hez \u00e9s a p\u00e9nz\u00fcgyi \u00e9s egy\u00e9b k\u00f6telez\u0151 jelent\u00e9sek elk\u00e9sz\u00edt\u00e9s\u00e9hez.<\/li>\n<\/ul>\n<p>[\/vc_column_text][\/vc_column][\/vc_row][vc_row][vc_column][vc_custom_heading text=&#8221;T\u00e9vhitek \u00e9s a GDPR alapelvek&#8221; use_theme_fonts=&#8221;yes&#8221;][vc_separator color=&#8221;custom&#8221; align=&#8221;align_left&#8221; el_width=&#8221;20&#8243; css_animation=&#8221;fadeInLeft&#8221; accent_color=&#8221;#dd0000&#8243;][vc_column_text]A t\u00e9vhitek rossz ir\u00e1nyba terelhetnek egy GDPR felk\u00e9sz\u00fcl\u00e9st vagy megfelel\u00e9st. Sz\u00fcks\u00e9g eset\u00e9n forduljon szak\u00e9rt\u0151h\u00f6z \u00e9s k\u00e9rjen adatv\u00e9delmi tan\u00e1csad\u00e1st, gondolja v\u00e9gig mi\u00e9rt vannak a GDPR alapelvek.[\/vc_column_text][vc_custom_heading text=&#8221;1. t\u00e9vhit: A GDPR rendeletre nincs el\u00e9g id\u0151 felk\u00e9sz\u00fclni&#8221; use_theme_fonts=&#8221;yes&#8221;][vc_column_text]A rendelet 2018. m\u00e1jus 25-\u00e9n l\u00e9pett hat\u00e1lyba. \u00cdgy nem sok id\u0151 \u00e1ll m\u00e1r rendelkez\u00e9sre ahhoz, hogy az eddig is gondos \u00e9s jogk\u00f6vet\u0151 v\u00e1llalkoz\u00e1sok felk\u00e9sz\u00fcljenek az alkalmaz\u00e1s\u00e1ra. A marad\u00e9k id\u0151tartam els\u0151sorban azoknak t\u0171nhet r\u00f6vidnek, akik nem foglalkoztak az adatv\u00e9delmi k\u00e9rd\u00e9sekkel az elm\u00falt \u00e9vekben \u00e9s most v\u00e1ratlanul \u00e9rkeztek a GDPR alapelvek.[\/vc_column_text][\/vc_column][\/vc_row][vc_row][vc_column][vc_custom_heading text=&#8221;2. t\u00e9vhit: Sokkal szigor\u00fabb szab\u00e1lyokat \u00edr el\u0151 a GDPR rendelet az adatkezel\u00e9sre&#8221; use_theme_fonts=&#8221;yes&#8221;][vc_column_text]A magyar adatv\u00e9delmi jogszab\u00e1ly, r\u00f6vid nev\u00e9n az Infot\u00f6rv\u00e9ny eddig is a legszigor\u00fabbak k\u00f6z\u00e9 tartozott az Eur\u00f3pai Uni\u00f3ban. A jelenleg hat\u00e1lyos magyar szab\u00e1lyoz\u00e1s alapj\u00e1ul eleve az uni\u00f3s adatv\u00e9delmi rendelet szolg\u00e1lt, amelyet a magyar korm\u00e1nyzat a lehet\u0151 legteljesebb m\u00e9rt\u00e9kben \u00e1t\u00fcltetett, \u00e9s a jogalkalmaz\u00e1sban az adatv\u00e9delmi hat\u00f3s\u00e1g (NAIH) is az egyik legrigor\u00f3zusabban j\u00e1rt el. Sz\u0171k \u00e9rtelmez\u00e9sben \u00e9s szigor\u00faan alkalmazva az Eur\u00f3pai Bizotts\u00e1g adatv\u00e9delmi munkacsoportja, az Article 29 Munkacsoport adatv\u00e9delmi v\u00e9lem\u00e9nyeit, amelyek egy\u00e9bk\u00e9nt t\u00f6bb helyen is be\u00e9p\u00edt\u00e9sre ker\u00fcltek az \u00faj uni\u00f3s rendelet szab\u00e1lyai k\u00f6z\u00e9. A magyar szab\u00e1lyoz\u00e1s a 20 milli\u00f3 forintos b\u00edrs\u00e1gmaximummal eddig sem volt k\u00f6nnyen teljes\u00edthet\u0151 a KKV szektornak. A nagyv\u00e1llalatok azonban gyakran bekalkul\u00e1lt\u00e1k azt m\u0171k\u00f6d\u00e9si k\u00f6lts\u00e9geikbe. Az \u00faj uni\u00f3s rendelet f\u0151 szigor\u00edt\u00e1sai els\u0151sorban ennek megakad\u00e1lyoz\u00e1s\u00e1t c\u00e9lozz\u00e1k \u00e9s eredm\u00e9nyezik:<\/p>\n<ul>\n<li>az eddigi 20 milli\u00f3 forintos fels\u0151 b\u00edrs\u00e1glimitet kitolja kisebb s\u00faly\u00fa jogs\u00e9rt\u00e9s eset\u00e9n 10 milli\u00f3 eur\u00f3ra. V\u00e1llalkoz\u00e1sok eset\u00e9n legfeljebb az el\u0151z\u0151 p\u00e9nz\u00fcgyi \u00e9v teljes \u00e9ves vil\u00e1gpiaci forgalm\u00e1nak 2%-\u00e1ra, m\u00edg s\u00falyos jogs\u00e9rt\u00e9s eset\u00e9n ezek a hat\u00e1rok 20 milli\u00f3 eur\u00f3ra \u00e9s 4%-ra m\u00f3dosulnak, amely t\u00e9nyleges szigor\u00edt\u00e1st jelent. A nagyv\u00e1llalati szektor sz\u00e1m\u00e1ra is visszatart\u00f3 er\u0151vel b\u00edr.<\/li>\n<li>az adatv\u00e9delmi felel\u0151s alkalmaz\u00e1s\u00e1nak k\u00f6telez\u0151 eseteit a magyar jogszab\u00e1lyn\u00e1l sz\u00e9lesebb k\u00f6rben vonja meg, nem csup\u00e1n a k\u00f6zhatalmat gyakorl\u00f3 szervezetek adatkezel\u00e9s\u00e9re \u00e9s n\u00e9h\u00e1ny speci\u00e1lis szektorra vonatkozik, hanem mindenkire, aki olyan adatkezel\u00e9st v\u00e9gez, amely az \u00e9rintettek nagym\u00e9rt\u00e9k\u0171, szisztematikus \u00e9s rendszeres megfigyel\u00e9s\u00e9t teszi sz\u00fcks\u00e9gess\u00e9, illetve, ha az adatkezel\u0151 tev\u00e9kenys\u00e9ge k\u00fcl\u00f6nleges adatok \u00e9s b\u0171ncselekm\u00e9nyre vonatkoz\u00f3 adatok nagy sz\u00e1mban t\u00f6rt\u00e9n\u0151 kezel\u00e9s\u00e9t foglalja mag\u00e1ban.<\/li>\n<li>\u00e1ltal\u00e1nos jelleggel korl\u00e1tozza a hozz\u00e1j\u00e1rul\u00e1s n\u00e9lk\u00fcli profilalkot\u00e1st \u2013 amely azonban az automatikus adatkezel\u00e9sr\u0151l sz\u00f3l\u00f3 szab\u00e1lyok k\u00f6zt r\u00e9szben helyet kapott m\u00e1r eddig is a magyar jogszab\u00e1lyban.<\/li>\n<\/ul>\n<p>Ezen t\u00falmen\u0151en azonban a rendelet ink\u00e1bb sok helyen enyh\u00edt a magyar szab\u00e1lyokhoz k\u00e9pest:<\/p>\n<ul>\n<li>a k\u00fcl\u00f6nleges adatok kezel\u00e9s\u00e9hez az \u00edr\u00e1sbeli hozz\u00e1j\u00e1rul\u00e1s helyett csak kifejezett (explicit) hozz\u00e1j\u00e1rul\u00e1st k\u00f6vetel meg, ami jelent\u0151s k\u00f6nnyebb\u00edt\u00e9s;<\/li>\n<li>az el\u0151zetes t\u00e1j\u00e9koztat\u00e1st nem az adatkezel\u00e9s megkezd\u00e9se el\u0151tt kell megadni, hanem elegend\u0151 legk\u00e9s\u0151bb az adatok megszerz\u00e9s\u00e9nek id\u0151pontj\u00e1ban;<\/li>\n<li>meghat\u00e1roz olyan esetk\u00f6r\u00f6ket, amikor nem kell t\u00f6r\u00f6lni az adatokat \u2013 ezek eddig a magyar jogban a t\u00f6rl\u00e9si k\u00f6telezetts\u00e9g al\u00e1 estek;<\/li>\n<li>az adatkezel\u00e9s elleni tiltakoz\u00e1si jogot k\u00f6telez\u0151en csak a k\u00f6zvetlen \u00fczletszerz\u00e9s \u00e9rdek\u00e9ben t\u00f6rt\u00e9n\u0151 adatkezel\u00e9sre, valamint a k\u00f6z\u00e9rdek\u0171 adatkezel\u00e9s \u00e9s jogos \u00e9rdeken alapul\u00f3 adatkezel\u00e9s eset\u00e9n biztos\u00edtja, az egy\u00e9b c\u00e9l\u00fa adatkezel\u00e9sre nem biztos\u00edt ilyen jogot k\u00f6telez\u0151en \u00e9s \u00e1ltal\u00e1nosan, szemben a magyar jogszab\u00e1llyal;<\/li>\n<li>nem \u00edrja el\u0151 a k\u00f6zponti \u00e1llami adatv\u00e9delmi nyilv\u00e1ntart\u00e1sba t\u00f6rt\u00e9n\u0151 adatkezel\u00e9si bejelent\u00e9st az adatkezel\u00e9s megkezd\u00e9se el\u0151tt, puszt\u00e1n azt k\u00f6veteli meg, hogy az adatkezel\u0151k maguk vezessenek adatkezel\u00e9si nyilv\u00e1ntart\u00e1st.<\/li>\n<\/ul>\n<p>[\/vc_column_text][\/vc_column][\/vc_row][vc_row][vc_column][vc_custom_heading text=&#8221;3. t\u00e9vhit: A GDPR rendelet alapjaiban v\u00e1ltoztatja meg az adatkezel\u00e9s elveit \u00e9s jogalapj\u00e1t&#8221; use_theme_fonts=&#8221;yes&#8221;][vc_column_text]A magyar Infot\u00f6rv\u00e9ny \u00e9s az uni\u00f3s jogszab\u00e1ly adatkezel\u00e9sre vonatkoz\u00f3 alapelvei kev\u00e9s kiv\u00e9tellel szinte teljesen megegyeznek, hiszen mindegyik megk\u00f6veteli az al\u00e1bbiakat az adatkezel\u0151t\u0151l:<\/p>\n<p>1. szem\u00e9lyes adatot csak el\u0151re meghat\u00e1rozott c\u00e9lb\u00f3l kezeljen (c\u00e9lhoz k\u00f6t\u00f6tts\u00e9g elve),<\/p>\n<p>2. csak a c\u00e9l megval\u00f3sul\u00e1s\u00e1ig (korl\u00e1tozott t\u00e1rolhat\u00f3s\u00e1g elve),<\/p>\n<p>3. csak a c\u00e9l megval\u00f3s\u00edt\u00e1s\u00e1hoz felt\u00e9tlen\u00fcl sz\u00fcks\u00e9ges m\u00e9rt\u00e9kben (adat takar\u00e9koss\u00e1g \u00e9s alap\u00e9rtelmezett adatv\u00e9delem elve) kezeljen,<\/p>\n<p>4. az adatkezel\u00e9snek meg kell felelnie a tisztess\u00e9g k\u00f6vetelm\u00e9ny\u00e9nek (tisztess\u00e9g elve),<\/p>\n<p>5. jogszer\u0171nek kell lennie (megfelel\u0151 jogalappal kell rendelkeznie),<\/p>\n<p>6. a kezelt adatoknak pontosaknak \u00e9s hi\u00e1nytalanoknak kell lennie (pontoss\u00e1g elve),<\/p>\n<p>7. az adatkezel\u00e9snek megfelel\u0151, k\u00f6z\u00e9rthet\u0151, r\u00e9szletes, teljes, k\u00f6nnyen hozz\u00e1f\u00e9rhet\u0151 \u00e9s el\u0151zetes t\u00e1j\u00e9koztat\u00e1son kell alapulnia (el\u0151zetes t\u00e1j\u00e9koztat\u00e1s elve)<\/p>\n<p>8. a rendelet alapj\u00e1n az sem v\u00e1ltozik, hogy az \u00e9rintetteknek ugyan\u00fagy k\u00e9r\u00e9s\u00fckre t\u00e1j\u00e9koztat\u00e1st kell adni adataik kezel\u00e9s\u00e9r\u0151l, a t\u00e1j\u00e9koztat\u00e1s ad\u00e1s hat\u00e1rideje \u00e9s tartalma k\u00f6z\u00f6tt sincs szignifik\u00e1ns elt\u00e9r\u00e9s az \u00faj jogszab\u00e1lyban;<\/p>\n<p>9. a jogosultakat ugyanazok a jogorvoslati jogok illetik meg, mint a magyar t\u00f6rv\u00e9ny alapj\u00e1n: tiltakozhatnak adataik kezel\u00e9s\u00e9vel szemben (tiltakoz\u00e1s joga), k\u00e9rhetik azok t\u00f6rl\u00e9s\u00e9t (feled\u00e9s joga), helyesb\u00edt\u00e9s\u00e9t \u00e9s z\u00e1rol\u00e1s\u00e1t.<\/p>\n<p>10. ahogy eddig is kellett a magyar v\u00e1llalkoz\u00e1soknak az adatkezel\u00e9s megkezd\u00e9se el\u0151tt, m\u00e1r az adatkezel\u00e9si elj\u00e1r\u00e1sok kidolgoz\u00e1sakor az adatbiztons\u00e1gr\u00f3l gondoskodniuk, \u00fagy ebben a k\u00f6telezetts\u00e9g\u00fckben ezut\u00e1n sem lesz v\u00e1ltoz\u00e1s, hiszen a magyar Infot\u00f6rv\u00e9ny ezt a k\u00f6vetelm\u00e9nyt is tartalmazta (privacy by design elve);<\/p>\n<p>11. az adatkezel\u0151nek az adatv\u00e9delmi incidensekkel kapcsolatban nyilv\u00e1ntart\u00e1si, \u00e9rtes\u00edt\u00e9si \u00e9s hat\u00f3s\u00e1gi bejelent\u00e9si k\u00f6telezetts\u00e9ge van, amely a magyar jogban eddig is l\u00e9tezett a legutols\u00f3 Infot\u00f6rv\u00e9ny-m\u00f3dos\u00edt\u00e1s \u00f3ta (adatv\u00e9delmi incidenskezel\u00e9s).<\/p>\n<p>Vagyis aki eddig betartotta a magyar jogszab\u00e1lyt, annak az \u00faj rendelet alapj\u00e1n sem lesz f\u00e9lnival\u00f3ja.[\/vc_column_text][\/vc_column][\/vc_row][vc_row][vc_column][vc_custom_heading text=&#8221;4. t\u00e9vhit: Az \u00faj rendelet rengeteg \u00fajdons\u00e1got hoz&#8221; use_theme_fonts=&#8221;yes&#8221;][vc_column_text]K\u00e9ts\u00e9gk\u00edv\u00fcl hoz \u00fajdons\u00e1gokat az adatv\u00e9delmi rendelet, de a magyar szab\u00e1lyoz\u00e1shoz k\u00e9pest rengeteg n\u00f3vumr\u00f3l az\u00e9rt nem besz\u00e9lhet\u00fcnk \u2013 hangs\u00falyozta dr. Horv\u00e1th Katalin \u00fcgyv\u00e9d.<\/p>\n<p>A fent felsorolt szigor\u00edt\u00e1sok mellett az \u00faj rendelet bevezeti az elsz\u00e1moltathat\u00f3s\u00e1g alapelv\u00e9t, amely alapj\u00e1n az adatkezel\u0151 felel\u0151s az adatkezel\u00e9s elveinek betart\u00e1s\u00e1\u00e9rt (ez eddig is \u00edgy volt), azonban most m\u00e1r ezt t\u00e9nylegesen igazolnia is tudni kell (a NAIH gyakorlata pedig eleve ezt az elvet k\u00f6vette jogszab\u00e1lyi el\u0151\u00edr\u00e1s n\u00e9lk\u00fcl is).<\/p>\n<p>\u00daj fogalmakat hoz az EU-s jogszab\u00e1ly, mint p\u00e9ld\u00e1ul a profilalkot\u00e1s \u00e1ltal\u00e1nos fogalm\u00e1t, a genetikai, biometrikus \u00e9s eg\u00e9szs\u00e9g\u00fcgyi adat fogalm\u00e1t, amely ut\u00f3bbit a magyar Infot\u00f6rv\u00e9ny r\u00e9szletesen nem tartalmazta (de mag\u00e1t a fogalmat haszn\u00e1lta), hanem csak az eg\u00e9szs\u00e9g\u00fcgyi \u00e1gazati jogszab\u00e1lyban kapott defin\u00edci\u00f3t.<\/p>\n<p>A rendelet az \u00f6nk\u00e9ntes, t\u00e1j\u00e9kozott hozz\u00e1j\u00e1rul\u00e1son \u00e9s a jogszab\u00e1lyi enged\u00e9lyen alapul\u00f3 adatkezel\u00e9s mell\u00e9 egy harmadik adatkezel\u00e9si jogalapot is bevezet: a jogos \u00e9rdeken alapul\u00f3 adatkezel\u00e9st, ami alapj\u00e1n az adatakezel\u00e9s jogszer\u0171, ha az az adatkezel\u0151 vagy egy harmadik f\u00e9l jogos \u00e9rdekeinek \u00e9rv\u00e9nyes\u00edt\u00e9s\u00e9hez sz\u00fcks\u00e9ges.<\/p>\n<p>Igazi \u00fajdons\u00e1g viszont a rendeletben az adatv\u00e9delmi hat\u00e1svizsg\u00e1lat (Data Protection Impact Assessment \u2013 DPIA) bevezet\u00e9se, amely alapj\u00e1n az adatkezel\u0151 k\u00f6teles hat\u00e1svizsg\u00e1latot v\u00e9gezni, ha a tervezett, \u00faj technol\u00f3gi\u00e1t alkalmaz\u00f3 adatkezel\u00e9s val\u00f3sz\u00edn\u0171s\u00edthet\u0151en magas kock\u00e1zattal j\u00e1r az \u00e9rintettek jogaira \u00e9s szabads\u00e1gaira n\u00e9zve, \u00e9s ha a magas kock\u00e1zatot a vizsg\u00e1lat kimutatja, akkor a fel\u00fcgyeleti hat\u00f3s\u00e1ggal t\u00f6rt\u00e9n\u0151 el\u0151zetes konzult\u00e1ci\u00f3 lefolytat\u00e1sa is sz\u00fcks\u00e9ges lesz.[\/vc_column_text][\/vc_column][\/vc_row][vc_row][vc_column][vc_custom_heading text=&#8221;5. t\u00e9vhit: A felk\u00e9sz\u00fcl\u00e9shez csak a rendelet szab\u00e1lyainak kell megfelelni&#8221; use_theme_fonts=&#8221;yes&#8221;][vc_column_text]A legt\u00f6bb sajt\u00f3ban megjelent \u00f6sszefoglal\u00f3, az adatkezel\u0151knek tartott felk\u00e9sz\u00edt\u0151 kurzus, tanfolyam nem eml\u00edti, hogy a rendelet egyes t\u00e9mak\u00f6r\u00f6ket tag\u00e1llami hat\u00e1sk\u00f6rben tart, vagy legal\u00e1bbis megengedi, hogy a tag\u00e1llamok kieg\u00e9sz\u00edt\u0151 vagy esetleg szigor\u00fabb, illetve elt\u00e9r\u0151 szab\u00e1lyokat \u00e1llap\u00edtsanak meg. Ez azt jelenti, hogy nem elegend\u0151 a v\u00e1llalkoz\u00e1soknak az \u00faj rendelet sz\u00f6veg\u00e9nek megfelelni, figyelemmel kell k\u00eds\u00e9rni az adott tag\u00e1llami jogalkot\u00e1st is, amely pedig \u2013 legal\u00e1bbis Magyarorsz\u00e1gon \u2013 nem kapkod, \u00e9s m\u00e9g nem v\u00e9glegesek a rendelet hat\u00e1lyba l\u00e9p\u00e9s\u00e9vel sz\u00fcks\u00e9gess\u00e9 v\u00e1l\u00f3 vagy \u00e9ppen ezen lehet\u0151s\u00e9get kihaszn\u00e1lni t\u00f6rekv\u0151 kieg\u00e9sz\u00edt\u0151 jelleg\u0171 jogszab\u00e1ly m\u00f3dos\u00edt\u00e1sok.<\/p>\n<p>A tag\u00e1llamok szab\u00e1lyoz\u00e1si hat\u00e1sk\u00f6r\u00e9ben maradnak p\u00e9ld\u00e1ul az al\u00e1bbi t\u00e9mak\u00f6r\u00f6k:<\/p>\n<ul>\n<li>foglalkoztat\u00e1ssal \u00f6sszef\u00fcgg\u0151 adatkezel\u00e9si k\u00e9rd\u00e9sek (munkaviszonnyal kapcsolatos adatkezel\u00e9s)<\/li>\n<li>gyermekek szem\u00e9lyes adatainak inform\u00e1ci\u00f3s t\u00e1rsadalommal \u00f6sszef\u00fcgg\u0151 szolg\u00e1ltat\u00e1sokkal kapcsolatos adatkezel\u00e9si szab\u00e1lyai (p\u00e9ld\u00e1ul a kiskor\u00faak mobilapplik\u00e1ci\u00f3k \u00e1ltal kezelt adatai)<\/li>\n<li>az adatv\u00e9delmi felel\u0151s alkalmaz\u00e1s\u00e1nak rendeletben nem szab\u00e1lyozott egy\u00e9b k\u00f6telez\u0151 esetk\u00f6rei<\/li>\n<li>genetikai, biometrikus \u00e9s eg\u00e9szs\u00e9g\u00fcgyi adatok kezel\u00e9s\u00e9re vonatkoz\u00f3 tov\u00e1bbi szab\u00e1lyok \u00e9s felt\u00e9telek (ami p\u00e9ld\u00e1ul az mHealth applik\u00e1ci\u00f3k fejleszt\u0151it is \u00e9rinthetik)<\/li>\n<li>\u00e1ltal\u00e1noss\u00e1gban minden olyan k\u00e9rd\u00e9sben, amelyet nem szab\u00e1lyoz a rendelet.<\/li>\n<\/ul>\n<p>A fenti tag\u00e1llami hat\u00e1sk\u00f6r fennmarad\u00e1sa pedig azt jelenti, hogy a rendelet hat\u00e1lyba l\u00e9p\u00e9se el\u0151tt egy \u00e9vvel a felk\u00e9sz\u00fcl\u00e9shez csak a jogszab\u00e1lyok megk\u00f6zel\u00edt\u0151leg 80%-a ismert, a t\u00f6bbi 20% m\u00e9g nem tudhat\u00f3, \u00e9s ak\u00e1r jelent\u0151s szigor\u00edt\u00e1st, elt\u00e9r\u00e9st vagy kieg\u00e9sz\u00edt\u0151 felt\u00e9teleket is mag\u00e1val hozhat. K\u00fcl\u00f6n\u00f6sen val\u00f3sz\u00edn\u0171s\u00edthet\u0151 ez a magyar jogalkot\u00e1sra \u00e9s adatv\u00e9delmi hat\u00f3s\u00e1gi t\u00f6rekv\u00e9sre, amely a magyar jogszab\u00e1ly rendeletn\u00e9l is szigor\u00fabb el\u0151\u00edr\u00e1sait tov\u00e1bbra is fenn k\u00edv\u00e1nja tartani, amely azonban a rendelet eredeti c\u00e9lj\u00e1val megy szembe: egy egys\u00e9ges eur\u00f3pai szab\u00e1lyoz\u00e1s megteremt\u00e9se a versenyk\u00e9pess\u00e9g \u00e9s az innov\u00e1ci\u00f3 n\u00f6vel\u00e9se \u00e9rdek\u00e9ben.[\/vc_column_text][\/vc_column][\/vc_row]<\/p>\n<\/div>","protected":false},"excerpt":{"rendered":"<p>[vc_row][vc_column][vc_custom_heading text=&#8221;GDPR Alapelvek&#8221; use_theme_fonts=&#8221;yes&#8221;][vc_separator color=&#8221;custom&#8221; align=&#8221;align_left&#8221; el_width=&#8221;20&#8243; css_animation=&#8221;fadeInLeft&#8221; accent_color=&#8221;#dd0000&#8243;][vc_column_text] Az alapelvek \u00e9s t\u00e9vhitek \u00e9rtelmez\u00e9se ir\u00e1nymutat\u00f3 lehet! [\/vc_column_text][vc_custom_heading text=&#8221;Szem\u00e9lyes adatok kezel\u00e9s\u00e9nek alapelvei a rendeletben&#8221; use_theme_fonts=&#8221;yes&#8221;][vc_separator color=&#8221;custom&#8221; align=&#8221;align_left&#8221; el_width=&#8221;20&#8243; css_animation=&#8221;fadeInLeft&#8221; accent_color=&#8221;#dd0000&#8243;][\/vc_column][vc_column][vc_column_text]A GDPR alapelvek tiszt\u00e1n \u00e9s vil\u00e1gosan vannak megfogalmazva, de sok esetben az alkalmaz\u00e1sukhoz nagy seg\u00edts\u00e9g lehet adatv\u00e9delmi tan\u00e1csad\u00e1s ig\u00e9nybev\u00e9tele.[\/vc_column_text][vc_column_text] Jogszer\u0171s\u00e9g, tisztess\u00e9ges elj\u00e1r\u00e1s \u00e9s \u00e1tl\u00e1that\u00f3s\u00e1g: a szem\u00e9lyes adatok kezel\u00e9s\u00e9t jogszer\u0171en \u00e9s tisztess\u00e9gesen, valamint&#8230;<\/p>\n","protected":false},"author":1,"featured_media":0,"parent":0,"menu_order":0,"comment_status":"closed","ping_status":"closed","template":"","meta":{"footnotes":""},"class_list":["post-12328","page","type-page","status-publish","hentry"],"yoast_head":"<!-- This site is optimized with the Yoast SEO plugin v27.5 - https:\/\/yoast.com\/product\/yoast-seo-wordpress\/ -->\n<title>GDPR alapelvek - GDPR tan\u00e1csad\u00e1s, audit, szakszer\u0171 felk\u00e9sz\u00fcl\u00e9s<\/title>\n<meta name=\"description\" content=\"Szem\u00e9lyes adatok kezel\u00e9s\u00e9nek alapelvei a rendeletben (GDPR alapelvek) - Egy\u00e9b fontos alapelvek a szem\u00e9lyes adatok kezel\u00e9se sor\u00e1n - T\u00e9vhitek - GDPR tan\u00e1csad\u00e1s?\" \/>\n<meta name=\"robots\" content=\"index, follow, max-snippet:-1, max-image-preview:large, max-video-preview:-1\" \/>\n<link rel=\"canonical\" href=\"https:\/\/gdprszakerto.hu\/index.php\/alapelvek\/\" \/>\n<meta property=\"og:locale\" content=\"hu_HU\" \/>\n<meta property=\"og:type\" content=\"article\" \/>\n<meta property=\"og:title\" content=\"GDPR alapelvek - GDPR tan\u00e1csad\u00e1s, audit, szakszer\u0171 felk\u00e9sz\u00fcl\u00e9s\" \/>\n<meta property=\"og:description\" content=\"Szem\u00e9lyes adatok kezel\u00e9s\u00e9nek alapelvei a rendeletben (GDPR alapelvek) - Egy\u00e9b fontos alapelvek a szem\u00e9lyes adatok kezel\u00e9se sor\u00e1n - T\u00e9vhitek - GDPR tan\u00e1csad\u00e1s?\" \/>\n<meta property=\"og:url\" content=\"https:\/\/gdprszakerto.hu\/index.php\/alapelvek\/\" \/>\n<meta property=\"og:site_name\" content=\"GDPRszakerto.hu\" \/>\n<meta property=\"article:modified_time\" content=\"2019-12-17T13:11:10+00:00\" \/>\n<meta name=\"twitter:card\" content=\"summary_large_image\" \/>\n<meta name=\"twitter:label1\" content=\"Becs\u00fclt olvas\u00e1si id\u0151\" \/>\n\t<meta name=\"twitter:data1\" content=\"15 perc\" \/>\n<script type=\"application\/ld+json\" class=\"yoast-schema-graph\">{\"@context\":\"https:\\\/\\\/schema.org\",\"@graph\":[{\"@type\":\"WebPage\",\"@id\":\"https:\\\/\\\/gdprszakerto.hu\\\/index.php\\\/alapelvek\\\/\",\"url\":\"https:\\\/\\\/gdprszakerto.hu\\\/index.php\\\/alapelvek\\\/\",\"name\":\"GDPR alapelvek - GDPR tan\u00e1csad\u00e1s, audit, szakszer\u0171 felk\u00e9sz\u00fcl\u00e9s\",\"isPartOf\":{\"@id\":\"https:\\\/\\\/gdprszakerto.hu\\\/#website\"},\"datePublished\":\"2017-12-07T07:49:18+00:00\",\"dateModified\":\"2019-12-17T13:11:10+00:00\",\"description\":\"Szem\u00e9lyes adatok kezel\u00e9s\u00e9nek alapelvei a rendeletben (GDPR alapelvek) - Egy\u00e9b fontos alapelvek a szem\u00e9lyes adatok kezel\u00e9se sor\u00e1n - T\u00e9vhitek - GDPR tan\u00e1csad\u00e1s?\",\"breadcrumb\":{\"@id\":\"https:\\\/\\\/gdprszakerto.hu\\\/index.php\\\/alapelvek\\\/#breadcrumb\"},\"inLanguage\":\"hu\",\"potentialAction\":[{\"@type\":\"ReadAction\",\"target\":[\"https:\\\/\\\/gdprszakerto.hu\\\/index.php\\\/alapelvek\\\/\"]}]},{\"@type\":\"BreadcrumbList\",\"@id\":\"https:\\\/\\\/gdprszakerto.hu\\\/index.php\\\/alapelvek\\\/#breadcrumb\",\"itemListElement\":[{\"@type\":\"ListItem\",\"position\":1,\"name\":\"Home\",\"item\":\"https:\\\/\\\/gdprszakerto.hu\\\/\"},{\"@type\":\"ListItem\",\"position\":2,\"name\":\"Alapelvek\"}]},{\"@type\":\"WebSite\",\"@id\":\"https:\\\/\\\/gdprszakerto.hu\\\/#website\",\"url\":\"https:\\\/\\\/gdprszakerto.hu\\\/\",\"name\":\"GDPRszakerto.hu\",\"description\":\"GDPR tan\u00e1csad\u00e1s szak\u00e9rt\u0151kt\u0151l\",\"potentialAction\":[{\"@type\":\"SearchAction\",\"target\":{\"@type\":\"EntryPoint\",\"urlTemplate\":\"https:\\\/\\\/gdprszakerto.hu\\\/?s={search_term_string}\"},\"query-input\":{\"@type\":\"PropertyValueSpecification\",\"valueRequired\":true,\"valueName\":\"search_term_string\"}}],\"inLanguage\":\"hu\"}]}<\/script>\n<!-- \/ Yoast SEO plugin. -->","yoast_head_json":{"title":"GDPR alapelvek - GDPR tan\u00e1csad\u00e1s, audit, szakszer\u0171 felk\u00e9sz\u00fcl\u00e9s","description":"Szem\u00e9lyes adatok kezel\u00e9s\u00e9nek alapelvei a rendeletben (GDPR alapelvek) - Egy\u00e9b fontos alapelvek a szem\u00e9lyes adatok kezel\u00e9se sor\u00e1n - T\u00e9vhitek - GDPR tan\u00e1csad\u00e1s?","robots":{"index":"index","follow":"follow","max-snippet":"max-snippet:-1","max-image-preview":"max-image-preview:large","max-video-preview":"max-video-preview:-1"},"canonical":"https:\/\/gdprszakerto.hu\/index.php\/alapelvek\/","og_locale":"hu_HU","og_type":"article","og_title":"GDPR alapelvek - GDPR tan\u00e1csad\u00e1s, audit, szakszer\u0171 felk\u00e9sz\u00fcl\u00e9s","og_description":"Szem\u00e9lyes adatok kezel\u00e9s\u00e9nek alapelvei a rendeletben (GDPR alapelvek) - Egy\u00e9b fontos alapelvek a szem\u00e9lyes adatok kezel\u00e9se sor\u00e1n - T\u00e9vhitek - GDPR tan\u00e1csad\u00e1s?","og_url":"https:\/\/gdprszakerto.hu\/index.php\/alapelvek\/","og_site_name":"GDPRszakerto.hu","article_modified_time":"2019-12-17T13:11:10+00:00","twitter_card":"summary_large_image","twitter_misc":{"Becs\u00fclt olvas\u00e1si id\u0151":"15 perc"},"schema":{"@context":"https:\/\/schema.org","@graph":[{"@type":"WebPage","@id":"https:\/\/gdprszakerto.hu\/index.php\/alapelvek\/","url":"https:\/\/gdprszakerto.hu\/index.php\/alapelvek\/","name":"GDPR alapelvek - GDPR tan\u00e1csad\u00e1s, audit, szakszer\u0171 felk\u00e9sz\u00fcl\u00e9s","isPartOf":{"@id":"https:\/\/gdprszakerto.hu\/#website"},"datePublished":"2017-12-07T07:49:18+00:00","dateModified":"2019-12-17T13:11:10+00:00","description":"Szem\u00e9lyes adatok kezel\u00e9s\u00e9nek alapelvei a rendeletben (GDPR alapelvek) - Egy\u00e9b fontos alapelvek a szem\u00e9lyes adatok kezel\u00e9se sor\u00e1n - T\u00e9vhitek - GDPR tan\u00e1csad\u00e1s?","breadcrumb":{"@id":"https:\/\/gdprszakerto.hu\/index.php\/alapelvek\/#breadcrumb"},"inLanguage":"hu","potentialAction":[{"@type":"ReadAction","target":["https:\/\/gdprszakerto.hu\/index.php\/alapelvek\/"]}]},{"@type":"BreadcrumbList","@id":"https:\/\/gdprszakerto.hu\/index.php\/alapelvek\/#breadcrumb","itemListElement":[{"@type":"ListItem","position":1,"name":"Home","item":"https:\/\/gdprszakerto.hu\/"},{"@type":"ListItem","position":2,"name":"Alapelvek"}]},{"@type":"WebSite","@id":"https:\/\/gdprszakerto.hu\/#website","url":"https:\/\/gdprszakerto.hu\/","name":"GDPRszakerto.hu","description":"GDPR tan\u00e1csad\u00e1s szak\u00e9rt\u0151kt\u0151l","potentialAction":[{"@type":"SearchAction","target":{"@type":"EntryPoint","urlTemplate":"https:\/\/gdprszakerto.hu\/?s={search_term_string}"},"query-input":{"@type":"PropertyValueSpecification","valueRequired":true,"valueName":"search_term_string"}}],"inLanguage":"hu"}]}},"_links":{"self":[{"href":"https:\/\/gdprszakerto.hu\/index.php\/wp-json\/wp\/v2\/pages\/12328","targetHints":{"allow":["GET"]}}],"collection":[{"href":"https:\/\/gdprszakerto.hu\/index.php\/wp-json\/wp\/v2\/pages"}],"about":[{"href":"https:\/\/gdprszakerto.hu\/index.php\/wp-json\/wp\/v2\/types\/page"}],"author":[{"embeddable":true,"href":"https:\/\/gdprszakerto.hu\/index.php\/wp-json\/wp\/v2\/users\/1"}],"replies":[{"embeddable":true,"href":"https:\/\/gdprszakerto.hu\/index.php\/wp-json\/wp\/v2\/comments?post=12328"}],"version-history":[{"count":18,"href":"https:\/\/gdprszakerto.hu\/index.php\/wp-json\/wp\/v2\/pages\/12328\/revisions"}],"predecessor-version":[{"id":12565,"href":"https:\/\/gdprszakerto.hu\/index.php\/wp-json\/wp\/v2\/pages\/12328\/revisions\/12565"}],"wp:attachment":[{"href":"https:\/\/gdprszakerto.hu\/index.php\/wp-json\/wp\/v2\/media?parent=12328"}],"curies":[{"name":"wp","href":"https:\/\/api.w.org\/{rel}","templated":true}]}}